{"id":16615,"date":"2023-02-17T13:14:28","date_gmt":"2023-02-17T12:14:28","guid":{"rendered":"https:\/\/www.zgjm.sk\/?page_id=16615"},"modified":"2023-07-27T21:05:59","modified_gmt":"2023-07-27T19:05:59","slug":"2023-2","status":"publish","type":"page","link":"https:\/\/www.zgjm.sk\/en\/exhibitions\/archive-of-exhibitions\/2023-2\/","title":{"rendered":"2023"},"content":{"rendered":"\t\t<div data-elementor-type=\"wp-page\" data-elementor-id=\"16615\" class=\"elementor elementor-16615\">\n\t\t\t\t\t\t<section class=\"elementor-section elementor-top-section elementor-element elementor-element-e0a1616 elementor-section-boxed elementor-section-height-default elementor-section-height-default\" data-id=\"e0a1616\" data-element_type=\"section\">\n\t\t\t\t\t\t<div class=\"elementor-container elementor-column-gap-default\">\n\t\t\t\t\t<div class=\"elementor-column elementor-col-100 elementor-top-column elementor-element elementor-element-1f9e300\" data-id=\"1f9e300\" data-element_type=\"column\">\n\t\t\t<div class=\"elementor-widget-wrap elementor-element-populated\">\n\t\t\t\t\t\t<div class=\"elementor-element elementor-element-ac25eea elementor-widget elementor-widget-heading\" data-id=\"ac25eea\" data-element_type=\"widget\" data-widget_type=\"heading.default\">\n\t\t\t\t<div class=\"elementor-widget-container\">\n\t\t\t<h1 class=\"elementor-heading-title elementor-size-default\">Archive of exhibitions 2023<\/h1>\t\t<\/div>\n\t\t\t\t<\/div>\n\t\t\t\t<div class=\"elementor-element elementor-element-17be47e elementor-position-left elementor-vertical-align-top elementor-widget elementor-widget-image-box\" data-id=\"17be47e\" data-element_type=\"widget\" data-widget_type=\"image-box.default\">\n\t\t\t\t<div class=\"elementor-widget-container\">\n\t\t\t<div class=\"elementor-image-box-wrapper\"><figure class=\"elementor-image-box-img\"><a href=\"https:\/\/www.zgjm.sk\/en\/exhibitions\/archive-of-exhibitions\/2023-2\/stefan-orth-from-landscape-to-landscape\/\" tabindex=\"-1\"><img fetchpriority=\"high\" decoding=\"async\" width=\"1080\" height=\"1080\" src=\"https:\/\/www.zgjm.sk\/wp-content\/uploads\/vystavy\/archiv-vystav\/2023\/s-orth-retrospektiva\/Orth-80-IG-post.jpg\" class=\"attachment-full size-full wp-image-18504\" alt=\"\" srcset=\"https:\/\/www.zgjm.sk\/wp-content\/uploads\/vystavy\/archiv-vystav\/2023\/s-orth-retrospektiva\/Orth-80-IG-post.jpg 1080w, https:\/\/www.zgjm.sk\/wp-content\/uploads\/vystavy\/archiv-vystav\/2023\/s-orth-retrospektiva\/Orth-80-IG-post-300x300.jpg 300w, https:\/\/www.zgjm.sk\/wp-content\/uploads\/vystavy\/archiv-vystav\/2023\/s-orth-retrospektiva\/Orth-80-IG-post-1024x1024.jpg 1024w, https:\/\/www.zgjm.sk\/wp-content\/uploads\/vystavy\/archiv-vystav\/2023\/s-orth-retrospektiva\/Orth-80-IG-post-150x150.jpg 150w, https:\/\/www.zgjm.sk\/wp-content\/uploads\/vystavy\/archiv-vystav\/2023\/s-orth-retrospektiva\/Orth-80-IG-post-768x768.jpg 768w\" sizes=\"(max-width: 1080px) 100vw, 1080px\" \/><\/a><\/figure><div class=\"elementor-image-box-content\"><h3 class=\"elementor-image-box-title\"><a href=\"https:\/\/www.zgjm.sk\/en\/exhibitions\/archive-of-exhibitions\/2023-2\/stefan-orth-from-landscape-to-landscape\/\">\u0160tefan Orth: From Landscape to Landscape<\/a><\/h3><p class=\"elementor-image-box-description\">Curator: Bo\u017eena Jur\u00ed\u010dkov\u00e1<br>\nDuration: August 3 (Thursday), 2023 \u2013 September 10 (Sunday), 2023 Main<\/p><\/div><\/div>\t\t<\/div>\n\t\t\t\t<\/div>\n\t\t\t\t<div class=\"elementor-element elementor-element-704e1c1 elementor-position-left elementor-vertical-align-top elementor-widget elementor-widget-image-box\" data-id=\"704e1c1\" data-element_type=\"widget\" data-widget_type=\"image-box.default\">\n\t\t\t\t<div class=\"elementor-widget-container\">\n\t\t\t<div class=\"elementor-image-box-wrapper\"><figure class=\"elementor-image-box-img\"><a href=\"https:\/\/www.zgjm.sk\/en\/exhibitions\/archive-of-exhibitions\/2023-2\/prefiguration-trace-elements\/\" tabindex=\"-1\"><img decoding=\"async\" width=\"1080\" height=\"1080\" src=\"https:\/\/www.zgjm.sk\/wp-content\/uploads\/vystavy\/archiv-vystav\/2023\/milan-mikula\/Stopove\u2560u-prvky-IG-post.jpg\" class=\"attachment-full size-full wp-image-17921\" alt=\"\" srcset=\"https:\/\/www.zgjm.sk\/wp-content\/uploads\/vystavy\/archiv-vystav\/2023\/milan-mikula\/Stopove\u2560u-prvky-IG-post.jpg 1080w, https:\/\/www.zgjm.sk\/wp-content\/uploads\/vystavy\/archiv-vystav\/2023\/milan-mikula\/Stopove\u2560u-prvky-IG-post-300x300.jpg 300w, https:\/\/www.zgjm.sk\/wp-content\/uploads\/vystavy\/archiv-vystav\/2023\/milan-mikula\/Stopove\u2560u-prvky-IG-post-1024x1024.jpg 1024w, https:\/\/www.zgjm.sk\/wp-content\/uploads\/vystavy\/archiv-vystav\/2023\/milan-mikula\/Stopove\u2560u-prvky-IG-post-150x150.jpg 150w, https:\/\/www.zgjm.sk\/wp-content\/uploads\/vystavy\/archiv-vystav\/2023\/milan-mikula\/Stopove\u2560u-prvky-IG-post-768x768.jpg 768w\" sizes=\"(max-width: 1080px) 100vw, 1080px\" \/><\/a><\/figure><div class=\"elementor-image-box-content\"><h3 class=\"elementor-image-box-title\"><a href=\"https:\/\/www.zgjm.sk\/en\/exhibitions\/archive-of-exhibitions\/2023-2\/prefiguration-trace-elements\/\">Milan Mikula Prefiguration \u2013 Trace Elements<\/a><\/h3><p class=\"elementor-image-box-description\">Curator: M\u00e1ria Be\u0148a\u010dkov\u00e1 Ri\u0161kov\u00e1<br>\nRunning: 9 June (Friday) 2023 \u2013 23 July (Sunday) 2023<\/p><\/div><\/div>\t\t<\/div>\n\t\t\t\t<\/div>\n\t\t\t\t<div class=\"elementor-element elementor-element-99b453f elementor-position-left elementor-vertical-align-top elementor-widget elementor-widget-image-box\" data-id=\"99b453f\" data-element_type=\"widget\" data-widget_type=\"image-box.default\">\n\t\t\t\t<div class=\"elementor-widget-container\">\n\t\t\t<div class=\"elementor-image-box-wrapper\"><figure class=\"elementor-image-box-img\"><a href=\"https:\/\/www.zgjm.sk\/en\/exhibitions\/archive-of-exhibitions\/2023-2\/jan-mudroch-drawings\/\" tabindex=\"-1\"><img decoding=\"async\" width=\"600\" height=\"600\" src=\"https:\/\/www.zgjm.sk\/wp-content\/uploads\/Mudroch-Kresby-IG-post-zm.jpg\" class=\"attachment-full size-full wp-image-17741\" alt=\"\" srcset=\"https:\/\/www.zgjm.sk\/wp-content\/uploads\/Mudroch-Kresby-IG-post-zm.jpg 600w, https:\/\/www.zgjm.sk\/wp-content\/uploads\/Mudroch-Kresby-IG-post-zm-300x300.jpg 300w, https:\/\/www.zgjm.sk\/wp-content\/uploads\/Mudroch-Kresby-IG-post-zm-150x150.jpg 150w\" sizes=\"(max-width: 600px) 100vw, 600px\" \/><\/a><\/figure><div class=\"elementor-image-box-content\"><h3 class=\"elementor-image-box-title\"><a href=\"https:\/\/www.zgjm.sk\/en\/exhibitions\/archive-of-exhibitions\/2023-2\/jan-mudroch-drawings\/\">J\u00e1n Mudroch \u2013 Drawings<\/a><\/h3><p class=\"elementor-image-box-description\">The exhibition of a selection from J\u00e1n Mudroch drawings<br>\nCurators: \u013dudov\u00edt Holo\u0161ka, Bo\u017eena Jur\u00ed\u010dkov\u00e1<br>                                                                                                                              Running: 13 April (Friday) 2023 \u2013 4 June (Sunday) 2023<\/p><\/div><\/div>\t\t<\/div>\n\t\t\t\t<\/div>\n\t\t\t\t<div class=\"elementor-element elementor-element-a9c55c4 elementor-position-left elementor-vertical-align-top elementor-widget elementor-widget-image-box\" data-id=\"a9c55c4\" data-element_type=\"widget\" data-widget_type=\"image-box.default\">\n\t\t\t\t<div class=\"elementor-widget-container\">\n\t\t\t<div class=\"elementor-image-box-wrapper\"><figure class=\"elementor-image-box-img\"><a href=\"https:\/\/www.zgjm.sk\/en\/exhibitions\/archive-of-exhibitions\/2023-2\/acquisitions-2022\/\" tabindex=\"-1\"><img loading=\"lazy\" decoding=\"async\" width=\"765\" height=\"739\" src=\"https:\/\/www.zgjm.sk\/wp-content\/uploads\/pozvanka-stvorec.png\" class=\"attachment-full size-full wp-image-17778\" alt=\"\" srcset=\"https:\/\/www.zgjm.sk\/wp-content\/uploads\/pozvanka-stvorec.png 765w, https:\/\/www.zgjm.sk\/wp-content\/uploads\/pozvanka-stvorec-300x290.png 300w\" sizes=\"(max-width: 765px) 100vw, 765px\" \/><\/a><\/figure><div class=\"elementor-image-box-content\"><h3 class=\"elementor-image-box-title\"><a href=\"https:\/\/www.zgjm.sk\/en\/exhibitions\/archive-of-exhibitions\/2023-2\/acquisitions-2022\/\">Acquisitions 2022<\/a><\/h3><p class=\"elementor-image-box-description\">Exhibition of acquisitions for the collection of the Z\u00e1horie Gallery in 2022.\n<br>Foyer of Zahorie Gallery of Jan Mudroch in Senica, Sadov\u00e1 619\/3 \n<br>  Concept: Roman Popel\u00e1r\n<br>                                                                                                                                     Running: 13 April (Thursday) 2023 \u2013 4 June (Sunday) 2023<\/p><\/div><\/div>\t\t<\/div>\n\t\t\t\t<\/div>\n\t\t\t\t<div class=\"elementor-element elementor-element-f9cd6d6 elementor-position-left elementor-vertical-align-top elementor-widget elementor-widget-image-box\" data-id=\"f9cd6d6\" data-element_type=\"widget\" data-widget_type=\"image-box.default\">\n\t\t\t\t<div class=\"elementor-widget-container\">\n\t\t\t<div class=\"elementor-image-box-wrapper\"><figure class=\"elementor-image-box-img\"><a href=\"https:\/\/www.zgjm.sk\/en\/exhibitions\/archive-of-exhibitions\/2023-2\/peter-dechet-roman-durcek-nemoc-nopower\/\" tabindex=\"-1\"><img loading=\"lazy\" decoding=\"async\" width=\"1080\" height=\"1350\" src=\"https:\/\/www.zgjm.sk\/wp-content\/uploads\/vystavy\/archiv-vystav\/2023\/durcek-dechet\/neMoc-animacia.gif\" class=\"attachment-full size-full wp-image-16393\" alt=\"\" \/><\/a><\/figure><div class=\"elementor-image-box-content\"><h3 class=\"elementor-image-box-title\"><a href=\"https:\/\/www.zgjm.sk\/en\/exhibitions\/archive-of-exhibitions\/2023-2\/peter-dechet-roman-durcek-nemoc-nopower\/\">Peter Deche\u0165 \u2013 Roman \u010eur\u010dek: neMOC\/NoPOWER<\/a><\/h3><p class=\"elementor-image-box-description\">After the joint exhibition project entitled MOCN\u00cd (POWERFUL) from 2021, Peter Deche\u0165 and Roman \u010eur\u010dek come up with a free continuation and reworking of the theme of power, governance and the investigation of the relationship of the representatives of power towards the rest of society.<br><br>Curator: Filip Krutek<br>\nRunning:\u00a017 February (Friday) \u2013 2 April (Sunday) 2023\n\n<\/p><\/div><\/div>\t\t<\/div>\n\t\t\t\t<\/div>\n\t\t\t\t<div class=\"elementor-element elementor-element-ab15566 elementor-position-left elementor-vertical-align-top elementor-widget elementor-widget-image-box\" data-id=\"ab15566\" data-element_type=\"widget\" data-widget_type=\"image-box.default\">\n\t\t\t\t<div class=\"elementor-widget-container\">\n\t\t\t<div class=\"elementor-image-box-wrapper\"><figure class=\"elementor-image-box-img\"><a href=\"https:\/\/www.zgjm.sk\/en\/exhibitions\/archive-of-exhibitions\/2023-2\/marek-sibinsky-the-light-of-grey\/\" tabindex=\"-1\"><img loading=\"lazy\" decoding=\"async\" width=\"1753\" height=\"1181\" src=\"https:\/\/www.zgjm.sk\/wp-content\/uploads\/vystavy\/archiv-vystav\/2023\/sibinsky\/2023-Sibinsky-Senica-Pozvanka-150dpi.jpg\" class=\"attachment-full size-full wp-image-16232\" alt=\"\" srcset=\"https:\/\/www.zgjm.sk\/wp-content\/uploads\/vystavy\/archiv-vystav\/2023\/sibinsky\/2023-Sibinsky-Senica-Pozvanka-150dpi.jpg 1753w, https:\/\/www.zgjm.sk\/wp-content\/uploads\/vystavy\/archiv-vystav\/2023\/sibinsky\/2023-Sibinsky-Senica-Pozvanka-150dpi-300x202.jpg 300w, https:\/\/www.zgjm.sk\/wp-content\/uploads\/vystavy\/archiv-vystav\/2023\/sibinsky\/2023-Sibinsky-Senica-Pozvanka-150dpi-1024x690.jpg 1024w, https:\/\/www.zgjm.sk\/wp-content\/uploads\/vystavy\/archiv-vystav\/2023\/sibinsky\/2023-Sibinsky-Senica-Pozvanka-150dpi-768x517.jpg 768w, https:\/\/www.zgjm.sk\/wp-content\/uploads\/vystavy\/archiv-vystav\/2023\/sibinsky\/2023-Sibinsky-Senica-Pozvanka-150dpi-1536x1035.jpg 1536w\" sizes=\"(max-width: 1753px) 100vw, 1753px\" \/><\/a><\/figure><div class=\"elementor-image-box-content\"><h3 class=\"elementor-image-box-title\"><a href=\"https:\/\/www.zgjm.sk\/en\/exhibitions\/archive-of-exhibitions\/2023-2\/marek-sibinsky-the-light-of-grey\/\">Marek Sibinsk\u00fd: The Light of the Gray<\/a><\/h3><p class=\"elementor-image-box-description\">Exhibition in the Gallery above the Staircase<br>Curator: R\u00f3bert Makar<br>\nExhibition running: 17 February (Friday) 2023 \u2013 4 June (Sunday) 2023\n<\/p><\/div><\/div>\t\t<\/div>\n\t\t\t\t<\/div>\n\t\t\t\t\t<\/div>\n\t\t<\/div>\n\t\t\t\t\t<\/div>\n\t\t<\/section>\n\t\t\t\t<\/div>\n\t\t","protected":false},"excerpt":{"rendered":"<p>Archive of exhibitions 2023 \u0160tefan Orth: From Landscape to Landscape Curator: Bo\u017eena Jur\u00ed\u010dkov\u00e1 Duration: August 3 (Thursday), 2023 \u2013 September 10 (Sunday), 2023 Main Milan Mikula Prefiguration \u2013 Trace Elements Curator: M\u00e1ria Be\u0148a\u010dkov\u00e1 Ri\u0161kov\u00e1 Running: 9 June (Friday) 2023 \u2013 23 July (Sunday) 2023 J\u00e1n Mudroch \u2013 Drawings The exhibition of a selection from J\u00e1n [&hellip;]<\/p>\n","protected":false},"author":2,"featured_media":0,"parent":6163,"menu_order":0,"comment_status":"closed","ping_status":"closed","template":"","meta":{"footnotes":""},"class_list":["post-16615","page","type-page","status-publish","hentry"],"yoast_head":"<!-- This site is optimized with the Yoast SEO plugin v27.2 - https:\/\/yoast.com\/product\/yoast-seo-wordpress\/ -->\n<title>Archive of exhibitions 2023 - Z\u00e1horsk\u00e1 gal\u00e9ria J. Mudrocha v Senici<\/title>\n<meta name=\"robots\" content=\"index, follow, max-snippet:-1, max-image-preview:large, max-video-preview:-1\" \/>\n<link rel=\"canonical\" href=\"https:\/\/www.zgjm.sk\/en\/exhibitions\/archive-of-exhibitions\/2023-2\/\" \/>\n<meta property=\"og:locale\" content=\"en_US\" \/>\n<meta property=\"og:type\" content=\"article\" \/>\n<meta property=\"og:title\" content=\"Archive of exhibitions 2023 - Z\u00e1horsk\u00e1 gal\u00e9ria J. Mudrocha v Senici\" \/>\n<meta property=\"og:description\" content=\"Archive of exhibitions 2023 \u0160tefan Orth: From Landscape to Landscape Curator: Bo\u017eena Jur\u00ed\u010dkov\u00e1 Duration: August 3 (Thursday), 2023 \u2013 September 10 (Sunday), 2023 Main Milan Mikula Prefiguration \u2013 Trace Elements Curator: M\u00e1ria Be\u0148a\u010dkov\u00e1 Ri\u0161kov\u00e1 Running: 9 June (Friday) 2023 \u2013 23 July (Sunday) 2023 J\u00e1n Mudroch \u2013 Drawings The exhibition of a selection from J\u00e1n [&hellip;]\" \/>\n<meta property=\"og:url\" content=\"https:\/\/www.zgjm.sk\/en\/exhibitions\/archive-of-exhibitions\/2023-2\/\" \/>\n<meta property=\"og:site_name\" content=\"Z\u00e1horsk\u00e1 gal\u00e9ria J. Mudrocha v Senici\" \/>\n<meta property=\"article:modified_time\" content=\"2023-07-27T19:05:59+00:00\" \/>\n<meta property=\"og:image\" content=\"https:\/\/www.zgjm.sk\/wp-content\/uploads\/vystavy\/archiv-vystav\/2023\/s-orth-retrospektiva\/Orth-80-IG-post.jpg\" \/>\n<meta name=\"twitter:card\" content=\"summary_large_image\" \/>\n<meta name=\"twitter:label1\" content=\"Est. reading time\" \/>\n\t<meta name=\"twitter:data1\" content=\"3 minutes\" \/>\n<script type=\"application\/ld+json\" class=\"yoast-schema-graph\">{\"@context\":\"https:\/\/schema.org\",\"@graph\":[{\"@type\":\"WebPage\",\"@id\":\"https:\/\/www.zgjm.sk\/en\/exhibitions\/archive-of-exhibitions\/2023-2\/\",\"url\":\"https:\/\/www.zgjm.sk\/en\/exhibitions\/archive-of-exhibitions\/2023-2\/\",\"name\":\"Archive of exhibitions 2023 - Z\u00e1horsk\u00e1 gal\u00e9ria J. Mudrocha v Senici\",\"isPartOf\":{\"@id\":\"https:\/\/www.zgjm.sk\/en\/#website\"},\"primaryImageOfPage\":{\"@id\":\"https:\/\/www.zgjm.sk\/en\/exhibitions\/archive-of-exhibitions\/2023-2\/#primaryimage\"},\"image\":{\"@id\":\"https:\/\/www.zgjm.sk\/en\/exhibitions\/archive-of-exhibitions\/2023-2\/#primaryimage\"},\"thumbnailUrl\":\"https:\/\/www.zgjm.sk\/wp-content\/uploads\/vystavy\/archiv-vystav\/2023\/s-orth-retrospektiva\/Orth-80-IG-post.jpg\",\"datePublished\":\"2023-02-17T12:14:28+00:00\",\"dateModified\":\"2023-07-27T19:05:59+00:00\",\"breadcrumb\":{\"@id\":\"https:\/\/www.zgjm.sk\/en\/exhibitions\/archive-of-exhibitions\/2023-2\/#breadcrumb\"},\"inLanguage\":\"en-US\",\"potentialAction\":[{\"@type\":\"ReadAction\",\"target\":[\"https:\/\/www.zgjm.sk\/en\/exhibitions\/archive-of-exhibitions\/2023-2\/\"]}]},{\"@type\":\"ImageObject\",\"inLanguage\":\"en-US\",\"@id\":\"https:\/\/www.zgjm.sk\/en\/exhibitions\/archive-of-exhibitions\/2023-2\/#primaryimage\",\"url\":\"https:\/\/www.zgjm.sk\/wp-content\/uploads\/vystavy\/archiv-vystav\/2023\/s-orth-retrospektiva\/Orth-80-IG-post.jpg\",\"contentUrl\":\"https:\/\/www.zgjm.sk\/wp-content\/uploads\/vystavy\/archiv-vystav\/2023\/s-orth-retrospektiva\/Orth-80-IG-post.jpg\"},{\"@type\":\"BreadcrumbList\",\"@id\":\"https:\/\/www.zgjm.sk\/en\/exhibitions\/archive-of-exhibitions\/2023-2\/#breadcrumb\",\"itemListElement\":[{\"@type\":\"ListItem\",\"position\":1,\"name\":\"Home\",\"item\":\"https:\/\/www.zgjm.sk\/en\/\"},{\"@type\":\"ListItem\",\"position\":2,\"name\":\"Exhibitions\",\"item\":\"https:\/\/www.zgjm.sk\/en\/exhibitions\/\"},{\"@type\":\"ListItem\",\"position\":3,\"name\":\"Archive of exhibitions\",\"item\":\"https:\/\/www.zgjm.sk\/en\/exhibitions\/archive-of-exhibitions\/\"},{\"@type\":\"ListItem\",\"position\":4,\"name\":\"2023\"}]},{\"@type\":\"WebSite\",\"@id\":\"https:\/\/www.zgjm.sk\/en\/#website\",\"url\":\"https:\/\/www.zgjm.sk\/en\/\",\"name\":\"Z\u00e1horsk\u00e1 gal\u00e9ria J. Mudrocha v Senici\",\"description\":\"\",\"potentialAction\":[{\"@type\":\"SearchAction\",\"target\":{\"@type\":\"EntryPoint\",\"urlTemplate\":\"https:\/\/www.zgjm.sk\/en\/?s={search_term_string}\"},\"query-input\":{\"@type\":\"PropertyValueSpecification\",\"valueRequired\":true,\"valueName\":\"search_term_string\"}}],\"inLanguage\":\"en-US\"}]}<\/script>\n<!-- \/ Yoast SEO plugin. -->","yoast_head_json":{"title":"Archive of exhibitions 2023 - Z\u00e1horsk\u00e1 gal\u00e9ria J. Mudrocha v Senici","robots":{"index":"index","follow":"follow","max-snippet":"max-snippet:-1","max-image-preview":"max-image-preview:large","max-video-preview":"max-video-preview:-1"},"canonical":"https:\/\/www.zgjm.sk\/en\/exhibitions\/archive-of-exhibitions\/2023-2\/","og_locale":"en_US","og_type":"article","og_title":"Archive of exhibitions 2023 - Z\u00e1horsk\u00e1 gal\u00e9ria J. Mudrocha v Senici","og_description":"Archive of exhibitions 2023 \u0160tefan Orth: From Landscape to Landscape Curator: Bo\u017eena Jur\u00ed\u010dkov\u00e1 Duration: August 3 (Thursday), 2023 \u2013 September 10 (Sunday), 2023 Main Milan Mikula Prefiguration \u2013 Trace Elements Curator: M\u00e1ria Be\u0148a\u010dkov\u00e1 Ri\u0161kov\u00e1 Running: 9 June (Friday) 2023 \u2013 23 July (Sunday) 2023 J\u00e1n Mudroch \u2013 Drawings The exhibition of a selection from J\u00e1n [&hellip;]","og_url":"https:\/\/www.zgjm.sk\/en\/exhibitions\/archive-of-exhibitions\/2023-2\/","og_site_name":"Z\u00e1horsk\u00e1 gal\u00e9ria J. Mudrocha v Senici","article_modified_time":"2023-07-27T19:05:59+00:00","og_image":[{"url":"https:\/\/www.zgjm.sk\/wp-content\/uploads\/vystavy\/archiv-vystav\/2023\/s-orth-retrospektiva\/Orth-80-IG-post.jpg","type":"","width":"","height":""}],"twitter_card":"summary_large_image","twitter_misc":{"Est. reading time":"3 minutes"},"schema":{"@context":"https:\/\/schema.org","@graph":[{"@type":"WebPage","@id":"https:\/\/www.zgjm.sk\/en\/exhibitions\/archive-of-exhibitions\/2023-2\/","url":"https:\/\/www.zgjm.sk\/en\/exhibitions\/archive-of-exhibitions\/2023-2\/","name":"Archive of exhibitions 2023 - Z\u00e1horsk\u00e1 gal\u00e9ria J. Mudrocha v Senici","isPartOf":{"@id":"https:\/\/www.zgjm.sk\/en\/#website"},"primaryImageOfPage":{"@id":"https:\/\/www.zgjm.sk\/en\/exhibitions\/archive-of-exhibitions\/2023-2\/#primaryimage"},"image":{"@id":"https:\/\/www.zgjm.sk\/en\/exhibitions\/archive-of-exhibitions\/2023-2\/#primaryimage"},"thumbnailUrl":"https:\/\/www.zgjm.sk\/wp-content\/uploads\/vystavy\/archiv-vystav\/2023\/s-orth-retrospektiva\/Orth-80-IG-post.jpg","datePublished":"2023-02-17T12:14:28+00:00","dateModified":"2023-07-27T19:05:59+00:00","breadcrumb":{"@id":"https:\/\/www.zgjm.sk\/en\/exhibitions\/archive-of-exhibitions\/2023-2\/#breadcrumb"},"inLanguage":"en-US","potentialAction":[{"@type":"ReadAction","target":["https:\/\/www.zgjm.sk\/en\/exhibitions\/archive-of-exhibitions\/2023-2\/"]}]},{"@type":"ImageObject","inLanguage":"en-US","@id":"https:\/\/www.zgjm.sk\/en\/exhibitions\/archive-of-exhibitions\/2023-2\/#primaryimage","url":"https:\/\/www.zgjm.sk\/wp-content\/uploads\/vystavy\/archiv-vystav\/2023\/s-orth-retrospektiva\/Orth-80-IG-post.jpg","contentUrl":"https:\/\/www.zgjm.sk\/wp-content\/uploads\/vystavy\/archiv-vystav\/2023\/s-orth-retrospektiva\/Orth-80-IG-post.jpg"},{"@type":"BreadcrumbList","@id":"https:\/\/www.zgjm.sk\/en\/exhibitions\/archive-of-exhibitions\/2023-2\/#breadcrumb","itemListElement":[{"@type":"ListItem","position":1,"name":"Home","item":"https:\/\/www.zgjm.sk\/en\/"},{"@type":"ListItem","position":2,"name":"Exhibitions","item":"https:\/\/www.zgjm.sk\/en\/exhibitions\/"},{"@type":"ListItem","position":3,"name":"Archive of exhibitions","item":"https:\/\/www.zgjm.sk\/en\/exhibitions\/archive-of-exhibitions\/"},{"@type":"ListItem","position":4,"name":"2023"}]},{"@type":"WebSite","@id":"https:\/\/www.zgjm.sk\/en\/#website","url":"https:\/\/www.zgjm.sk\/en\/","name":"Z\u00e1horsk\u00e1 gal\u00e9ria J. Mudrocha v Senici","description":"","potentialAction":[{"@type":"SearchAction","target":{"@type":"EntryPoint","urlTemplate":"https:\/\/www.zgjm.sk\/en\/?s={search_term_string}"},"query-input":{"@type":"PropertyValueSpecification","valueRequired":true,"valueName":"search_term_string"}}],"inLanguage":"en-US"}]}},"_links":{"self":[{"href":"https:\/\/www.zgjm.sk\/en\/wp-json\/wp\/v2\/pages\/16615","targetHints":{"allow":["GET"]}}],"collection":[{"href":"https:\/\/www.zgjm.sk\/en\/wp-json\/wp\/v2\/pages"}],"about":[{"href":"https:\/\/www.zgjm.sk\/en\/wp-json\/wp\/v2\/types\/page"}],"author":[{"embeddable":true,"href":"https:\/\/www.zgjm.sk\/en\/wp-json\/wp\/v2\/users\/2"}],"replies":[{"embeddable":true,"href":"https:\/\/www.zgjm.sk\/en\/wp-json\/wp\/v2\/comments?post=16615"}],"version-history":[{"count":22,"href":"https:\/\/www.zgjm.sk\/en\/wp-json\/wp\/v2\/pages\/16615\/revisions"}],"predecessor-version":[{"id":18642,"href":"https:\/\/www.zgjm.sk\/en\/wp-json\/wp\/v2\/pages\/16615\/revisions\/18642"}],"up":[{"embeddable":true,"href":"https:\/\/www.zgjm.sk\/en\/wp-json\/wp\/v2\/pages\/6163"}],"wp:attachment":[{"href":"https:\/\/www.zgjm.sk\/en\/wp-json\/wp\/v2\/media?parent=16615"}],"curies":[{"name":"wp","href":"https:\/\/api.w.org\/{rel}","templated":true}]}}